{"id":326,"date":"2012-10-21T14:45:07","date_gmt":"2012-10-21T12:45:07","guid":{"rendered":"http:\/\/blog.perspectus.se\/?page_id=326"},"modified":"2014-05-17T16:15:03","modified_gmt":"2014-05-17T14:15:03","slug":"tematisk-innehallsforteckning-over-bloggtexter","status":"publish","type":"page","link":"http:\/\/blog.perspectus.se\/?page_id=326","title":{"rendered":"Tematisk inneh\u00e5llsf\u00f6rteckning"},"content":{"rendered":"<p>H\u00e4r kan du f\u00e5 en \u00f6verblick \u00f6ver de viktigare bloggtexterna p\u00e5 min blogg.<\/p>\n<p><strong>F\u00f6rst\u00e5 konflikter<\/strong><a href=\"http:\/\/blog.perspectus.se\/?p=38\"><br \/>\nKommunikationsniv\u00e5er<\/a><a href=\"http:\/\/blog.perspectus.se\/?p=40\"><br \/>\nH\u00e4rskartekniker<\/a><a href=\"http:\/\/blog.perspectus.se\/?p=58\"><br \/>\nOlika sorters organisationer \u2013 olika konflikter<\/a><a href=\"http:\/\/blog.perspectus.se\/?p=73\"><br \/>\nDialog i konflikter<\/a><a href=\"http:\/\/blog.perspectus.se\/?p=77\"><br \/>\nVuxenutvecklingsteori och mobbning i arbetslivet<\/a><a href=\"http:\/\/blog.perspectus.se\/?p=102\"><br \/>\nOm djupt eskalerade arbetsplatskonflikter, del 1<\/a><a href=\"http:\/\/blog.perspectus.se\/?p=104\"><br \/>\nOm djupt eskalerade arbetsplatskonflikter, del 2<\/a><a href=\"http:\/\/blog.perspectus.se\/?p=117\"><br \/>\nDen subjektiva organisationsstrukturen<\/a><a href=\"http:\/\/blog.perspectus.se\/?p=210\"><br \/>\nKonflikter och makt: om manifesta och undertryckta konflikter<\/a><a href=\"http:\/\/blog.perspectus.se\/?p=224\"><br \/>\nKr\u00e4nkande s\u00e4rbehandling, eller . . . ?<\/a><a href=\"http:\/\/blog.perspectus.se\/?p=230\"><br \/>\nSex kriterier f\u00f6r upplevd r\u00e4ttvisa (procedural fairness)<\/a><strong><br \/>\n<\/strong><\/p>\n<p><strong>Hantering av konflikter: tekniker\/ansatser<\/strong><a href=\"http:\/\/blog.perspectus.se\/?p=46\"><br \/>\nEvidensbaserade metoder<\/a><a href=\"http:\/\/blog.perspectus.se\/?p=122\"><br \/>\nAtt medla i djupt eskalerade konflikter<\/a><a href=\"http:\/\/blog.perspectus.se\/?p=128\"><br \/>\n\u201cThe Judgment Factory\u201d<\/a><a href=\"http:\/\/blog.perspectus.se\/?p=155\"><br \/>\nOm v\u00e4rdekonflikter<\/a><a href=\"http:\/\/blog.perspectus.se\/?p=216\"><br \/>\nTv\u00e5 tekniker f\u00f6r att arbeta med v\u00e4rdekonflikter<\/a><a href=\"http:\/\/blog.perspectus.se\/?p=258\"><br \/>\nAtt tala om v\u00e4rdekonflikter<\/a><a href=\"http:\/\/blog.perspectus.se\/?p=270\"><br \/>\nStrategier f\u00f6r konfliktinterventioner i arbetsgrupper<\/a><a href=\"http:\/\/blog.perspectus.se\/?p=303\"><br \/>\nVerksamhetsgenomg\u00e5ng i arbetsgrupper enligt Christian Prior<\/a><a href=\"http:\/\/blog.perspectus.se\/?p=317\"><br \/>\nDeep democracy \u2013 fatta beslut i konflikter<\/a><strong><br \/>\n<\/strong><a href=\"http:\/\/blog.perspectus.se\/?p=355\">\u201cDialogisering\u201d \u2013 Christoph Thomann beskriver en viktig medlingsteknik<\/a><a href=\"http:\/\/blog.perspectus.se\/?p=361\"><br \/>\n\u201cWalk in the Woods\u201d: Gruppmedlingsmetodik i tvister<\/a><a href=\"http:\/\/blog.perspectus.se\/?p=367\"><br \/>\n\u201cSkjuta pilar\u201d: B\u00e5gskytte som konfliktl\u00f6sning i relationskonflikter<\/a><a href=\"http:\/\/blog.perspectus.se\/?p=420\"><br \/>\n<\/a><a href=\"http:\/\/blog.perspectus.se\/?p=376\">Medlarens grundh\u00e5llningar: \u201cNeutralitet\u201d (efter Myrna Lewis)<\/a><a href=\"http:\/\/blog.perspectus.se\/?p=433\"><br \/>\nKonfliktpartitur<br \/>\n<\/a><a href=\"http:\/\/blog.perspectus.se\/?p=420\">L\u00f6sningsinriktat arbetss\u00e4tt vid konfliktinterventioner<\/a><strong><\/strong><a href=\"http:\/\/blog.perspectus.se\/?p=460\" target=\"_blank\"><strong><br \/>\n<\/strong><\/a><a href=\"http:\/\/blog.perspectus.se\/?p=453\" target=\"_blank\">Chefer som medlare i arbetsplatskonflikter: En l\u00f6sningsinriktad ansats<\/a><a href=\"http:\/\/blog.perspectus.se\/?p=460\" target=\"_blank\"><strong><br \/>\n<\/strong><\/a><a href=\"http:\/\/blog.perspectus.se\/?p=460\" target=\"_blank\">Polariteter i konsulters konflikthanteringsfilosofier<\/a><a href=\"http:\/\/blog.perspectus.se\/?p=485\" target=\"_blank\"><strong><br \/>\n<\/strong>Finns det evidens f\u00f6r konflikthanteringsmetoders effektivitet?<strong><br \/>\n<\/strong><\/a><\/p>\n<p><strong>Konflikthanteringssystem<\/strong><a href=\"http:\/\/blog.perspectus.se\/?p=240\"><br \/>\nKonflikthanteringssystem i Tyskland<\/a><a href=\"http:\/\/blog.perspectus.se\/?p=298\"><br \/>\nDeutsche Banks konflikthanteringssystem<\/a><strong><br \/>\n<\/strong><a href=\"http:\/\/blog.perspectus.se\/?p=383\">Konfliktrelaterade tj\u00e4nster som f\u00f6retagsh\u00e4lsov\u00e5rden b\u00f6r kunna erbjuda<\/a><a href=\"http:\/\/blog.perspectus.se\/?p=415\"><br \/>\nTyska utrikesdepartementets konflikthanteringssystem<strong><br \/>\n<\/strong><\/a><\/p>\n<p><strong>Om medvetenhetsniv\u00e5er i organisations- och samh\u00e4llsliv<\/strong><a href=\"http:\/\/blog.perspectus.se\/?p=22\"><br \/>\nRasisters f\u00f6rest\u00e4llningsv\u00e4rld<\/a><a href=\"http:\/\/blog.perspectus.se\/?p=28\"><br \/>\nPerspektivmedvetenhet<\/a><a href=\"http:\/\/blog.perspectus.se\/?p=24\"><br \/>\nExpertsyndromet<\/a><a href=\"http:\/\/blog.perspectus.se\/?p=54\"><br \/>\nFem medvetenhetsniv\u00e5er i politiken . . .<\/a><a href=\"http:\/\/blog.perspectus.se\/?p=68\"><br \/>\nKomplexitetsmedvetenhet<\/a><a href=\"http:\/\/blog.perspectus.se\/?p=88\"><br \/>\nN\u00e4r systemfr\u00e5gorna \u00e4r osynliga f\u00f6r makthavarna<\/a><a href=\"http:\/\/blog.perspectus.se\/?p=108\"><br \/>\nFem aspekter av medvetenhet<\/a><a href=\"http:\/\/blog.perspectus.se\/?p=151\"><br \/>\nKomplexitetsniv\u00e5er<\/a><a href=\"http:\/\/blog.perspectus.se\/?p=161\"><br \/>\nEn dialektisk v\u00e4rldsbild<\/a><a href=\"http:\/\/blog.perspectus.se\/?p=186\"><br \/>\nHur \u00e4r det st\u00e4llt med f\u00f6rm\u00e5gan att t\u00e4nka kritiskt om samh\u00e4llsfr\u00e5gor?<\/a><a href=\"http:\/\/blog.perspectus.se\/?p=206\"><br \/>\nBer\u00e4ttelser vs. principer som kompasser i vardagen<\/a><a href=\"http:\/\/blog.perspectus.se\/?p=306\"><br \/>\nFr\u00e5n ingen till l\u00e5ngtg\u00e5ende perspektivmedvetenhet<\/a><a href=\"http:\/\/blog.perspectus.se\/?p=444\"><br \/>\nJagutveckling och samverkan kring komplexa samh\u00e4llsfr\u00e5gor<br \/>\nDialektiska tankeformer: n\u00f6dv\u00e4ndiga f\u00f6r att hantera en komplex verklighet<br \/>\n<\/a><\/p>\n<p><strong>F\u00f6r\u00e4ndringsarbete och metoder f\u00f6r komplexa fr\u00e5gor<\/strong><a href=\"http:\/\/blog.perspectus.se\/?p=135\"><br \/>\nFunktioner i strukturerade f\u00f6r\u00e4ndringsmetoder<\/a><a href=\"http:\/\/blog.perspectus.se\/?p=178\"><br \/>\nP\u00e5 spaning efter m\u00f6nster bland f\u00f6r\u00e4ndringsagenter<\/a><a href=\"http:\/\/blog.perspectus.se\/?p=234\"><br \/>\nFyra typer av samh\u00e4llsentrepren\u00f6rskap<\/a><a href=\"http:\/\/blog.perspectus.se\/?p=266\"><br \/>\nMetoder f\u00f6r komplexa fr\u00e5gor<\/a><a href=\"http:\/\/blog.perspectus.se\/?p=289\"><br \/>\nKonsulters egna f\u00f6r\u00e4ndringsteorier<\/a><\/p>\n<p><strong>\u00a0<\/strong><\/p>\n<p>&nbsp;<\/p>\n","protected":false},"excerpt":{"rendered":"<p>H\u00e4r kan du f\u00e5 en \u00f6verblick \u00f6ver de viktigare bloggtexterna p\u00e5 min blogg. F\u00f6rst\u00e5 konflikter Kommunikationsniv\u00e5er H\u00e4rskartekniker Olika sorters organisationer \u2013 olika konflikter Dialog i konflikter Vuxenutvecklingsteori och mobbning i arbetslivet Om djupt eskalerade arbetsplatskonflikter, del 1 Om djupt eskalerade arbetsplatskonflikter, del 2 Den subjektiva organisationsstrukturen Konflikter och makt: om manifesta och undertryckta konflikter Kr\u00e4nkande &hellip; <a href=\"http:\/\/blog.perspectus.se\/?page_id=326\" class=\"more-link\">Continue reading <span class=\"screen-reader-text\">Tematisk inneh\u00e5llsf\u00f6rteckning<\/span><\/a><\/p>\n","protected":false},"author":1,"featured_media":0,"parent":0,"menu_order":1,"comment_status":"open","ping_status":"open","template":"","meta":{"jetpack_post_was_ever_published":false,"footnotes":""},"class_list":["post-326","page","type-page","status-publish","hentry"],"jetpack_sharing_enabled":true,"jetpack_likes_enabled":true,"_links":{"self":[{"href":"http:\/\/blog.perspectus.se\/index.php?rest_route=\/wp\/v2\/pages\/326","targetHints":{"allow":["GET"]}}],"collection":[{"href":"http:\/\/blog.perspectus.se\/index.php?rest_route=\/wp\/v2\/pages"}],"about":[{"href":"http:\/\/blog.perspectus.se\/index.php?rest_route=\/wp\/v2\/types\/page"}],"author":[{"embeddable":true,"href":"http:\/\/blog.perspectus.se\/index.php?rest_route=\/wp\/v2\/users\/1"}],"replies":[{"embeddable":true,"href":"http:\/\/blog.perspectus.se\/index.php?rest_route=%2Fwp%2Fv2%2Fcomments&post=326"}],"version-history":[{"count":24,"href":"http:\/\/blog.perspectus.se\/index.php?rest_route=\/wp\/v2\/pages\/326\/revisions"}],"predecessor-version":[{"id":490,"href":"http:\/\/blog.perspectus.se\/index.php?rest_route=\/wp\/v2\/pages\/326\/revisions\/490"}],"wp:attachment":[{"href":"http:\/\/blog.perspectus.se\/index.php?rest_route=%2Fwp%2Fv2%2Fmedia&parent=326"}],"curies":[{"name":"wp","href":"https:\/\/api.w.org\/{rel}","templated":true}]}}