{"id":2,"date":"2010-02-19T14:01:54","date_gmt":"2010-02-19T14:01:54","guid":{"rendered":"http:\/\/blog.perspectus.se\/?page_id=2"},"modified":"2025-10-27T13:58:25","modified_gmt":"2025-10-27T11:58:25","slug":"about","status":"publish","type":"page","link":"http:\/\/blog.perspectus.se\/?page_id=2","title":{"rendered":"Om mig"},"content":{"rendered":"\n<figure class=\"wp-block-image size-medium is-resized\"><a href=\"http:\/\/media.perspectus.se\/2025\/04\/Thomas-portratt-2024-silhuett-utan-bakgrund.png\"><img loading=\"lazy\" decoding=\"async\" width=\"223\" height=\"300\" src=\"https:\/\/media.perspectus.se\/2025\/04\/Thomas-portratt-2024-silhuett-utan-bakgrund-223x300.png\" alt=\"Foto Thomas Jordan\" class=\"wp-image-927\" style=\"width:200px\" srcset=\"http:\/\/media.perspectus.se\/2025\/04\/Thomas-portratt-2024-silhuett-utan-bakgrund-223x300.png 223w, http:\/\/media.perspectus.se\/2025\/04\/Thomas-portratt-2024-silhuett-utan-bakgrund-762x1024.png 762w, http:\/\/media.perspectus.se\/2025\/04\/Thomas-portratt-2024-silhuett-utan-bakgrund-768x1032.png 768w, http:\/\/media.perspectus.se\/2025\/04\/Thomas-portratt-2024-silhuett-utan-bakgrund.png 832w\" sizes=\"auto, (max-width: 223px) 100vw, 223px\" \/><\/a><\/figure>\n\n\n<p>Jag, Thomas Jordan, var fram till februari 2024 forskare och l\u00e4rare p\u00e5 Institutionen f\u00f6r sociologi och arbetsvetenskap, G\u00f6teborgs universitet, samt kursledare, handledare m.m. i eget f\u00f6retag (Perspectus Kommunikation AB). Nu arbetar jag bara i egen regi. Jag har ett par webbplatser:<\/p>\n<p><a title=\"arbetsplatskonflikt.av.gu.se\" href=\"https:\/\/www.gu.se\/socav\/om-oss\/samverkan\/arbetsplatskonflikt\" target=\"_blank\" rel=\"noopener\">Arbetsplatskonflikt<\/a><\/p>\n<p><a title=\"thomasjordan.se\" href=\"http:\/\/thomasjordan.se\" target=\"_blank\" rel=\"noopener\">thomasjordan.se<\/a><\/p>\n<p><a href=\"http:\/\/kurser.perspectus.se\">kurser.perspectus.se<\/a><\/p>\n<p><a href=\"http:\/\/chatbotar.thomasjordan.se\">chatbotar.thomasjordan.se<\/a><\/p>\n\n\n<p><\/p>\n","protected":false},"excerpt":{"rendered":"<p>Jag, Thomas Jordan, var fram till februari 2024 forskare och l\u00e4rare p\u00e5 Institutionen f\u00f6r sociologi och arbetsvetenskap, G\u00f6teborgs universitet, samt kursledare, handledare m.m. i eget f\u00f6retag (Perspectus Kommunikation AB). Nu arbetar jag bara i egen regi. Jag har ett par webbplatser: Arbetsplatskonflikt thomasjordan.se kurser.perspectus.se chatbotar.thomasjordan.se<\/p>\n","protected":false},"author":1,"featured_media":0,"parent":0,"menu_order":2,"comment_status":"open","ping_status":"open","template":"","meta":{"jetpack_post_was_ever_published":false,"footnotes":""},"class_list":["post-2","page","type-page","status-publish","hentry"],"jetpack_sharing_enabled":true,"jetpack_likes_enabled":true,"_links":{"self":[{"href":"http:\/\/blog.perspectus.se\/index.php?rest_route=\/wp\/v2\/pages\/2","targetHints":{"allow":["GET"]}}],"collection":[{"href":"http:\/\/blog.perspectus.se\/index.php?rest_route=\/wp\/v2\/pages"}],"about":[{"href":"http:\/\/blog.perspectus.se\/index.php?rest_route=\/wp\/v2\/types\/page"}],"author":[{"embeddable":true,"href":"http:\/\/blog.perspectus.se\/index.php?rest_route=\/wp\/v2\/users\/1"}],"replies":[{"embeddable":true,"href":"http:\/\/blog.perspectus.se\/index.php?rest_route=%2Fwp%2Fv2%2Fcomments&post=2"}],"version-history":[{"count":11,"href":"http:\/\/blog.perspectus.se\/index.php?rest_route=\/wp\/v2\/pages\/2\/revisions"}],"predecessor-version":[{"id":994,"href":"http:\/\/blog.perspectus.se\/index.php?rest_route=\/wp\/v2\/pages\/2\/revisions\/994"}],"wp:attachment":[{"href":"http:\/\/blog.perspectus.se\/index.php?rest_route=%2Fwp%2Fv2%2Fmedia&parent=2"}],"curies":[{"name":"wp","href":"https:\/\/api.w.org\/{rel}","templated":true}]}}